{"id":421,"date":"2024-09-02T19:32:48","date_gmt":"2024-09-02T18:32:48","guid":{"rendered":"https:\/\/base.thebluegrow.com\/?page_id=421"},"modified":"2026-09-02T19:45:56","modified_gmt":"2026-09-02T18:45:56","slug":"politica-de-privacidad","status":"publish","type":"page","link":"https:\/\/belkon.org\/es\/politica-de-privacidad\/","title":{"rendered":"Privacidad"},"content":{"rendered":"<div data-elementor-type=\"wp-page\" data-elementor-id=\"421\" class=\"elementor elementor-421\" data-elementor-post-type=\"page\">\n\t\t\t\t<div class=\"elementor-element elementor-element-815bcf7 e-flex e-con-boxed e-con e-parent\" data-id=\"815bcf7\" data-element_type=\"container\" data-e-type=\"container\">\n\t\t\t\t\t<div class=\"e-con-inner\">\n\t\t\t\t<div class=\"elementor-element elementor-element-2acd117d elementor-widget elementor-widget-text-editor\" data-id=\"2acd117d\" data-element_type=\"widget\" data-e-type=\"widget\" data-widget_type=\"text-editor.default\">\n\t\t\t\t<div class=\"elementor-widget-container\">\n\t\t\t\t\t\t\t\t\t<header>\n<h2 data-section-id=\"172cnx4\" data-start=\"0\" data-end=\"25\">POL\u00cdTICA DE PRIVACIDAD DEL SITIO WEB<\/h2>\n<h3 data-section-id=\"gywphb\" data-start=\"27\" data-end=\"68\">I. POL\u00cdTICA DE PRIVACIDAD Y PROTECCI\u00d3N DE DATOS<\/h3>\n<p data-start=\"70\" data-end=\"344\">En cumplimiento de lo dispuesto en la legislaci\u00f3n vigente, (en lo sucesivo, tambi\u00e9n denominado \u201cel sitio web\u201d) se compromete a adoptar las medidas t\u00e9cnicas y organizativas necesarias, de acuerdo con el nivel de seguridad adecuado al riesgo asociado a los datos recabados.<\/p>\n<h4 data-start=\"346\" data-end=\"393\">Normativa aplicable a la presente Pol\u00edtica de privacidad<\/h4>\n<p data-start=\"395\" data-end=\"586\">La presente Pol\u00edtica de Privacidad se ha adaptado a la legislaci\u00f3n espa\u00f1ola y europea vigente en materia de protecci\u00f3n de datos personales en Internet. En concreto, cumple con las siguientes normativas:<\/p>\n<ul data-start=\"588\" data-end=\"1172\">\n<li data-section-id=\"81r1ni\" data-start=\"588\" data-end=\"807\">Reglamento (UE) 2016\/679 del Parlamento Europeo y del Consejo, de 27 de abril de 2016, relativo a la protecci\u00f3n de las personas f\u00edsicas en lo que respecta al tratamiento de datos personales y a la libre circulaci\u00f3n de dichos datos (RGPD).<\/li>\n<li data-section-id=\"rurw68\" data-start=\"808\" data-end=\"921\">Ley Org\u00e1nica 3\/2018, de 5 de diciembre, de Protecci\u00f3n de Datos Personales y Garant\u00eda de los Derechos Digitales (LOPD-GDD).<\/li>\n<li data-section-id=\"uaqs7\" data-start=\"922\" data-end=\"1080\">Real Decreto 1720\/2007, de 21 de diciembre, por el que se aprueba el Reglamento de desarrollo de la Ley Org\u00e1nica 15\/1999, de 13 de diciembre, de Protecci\u00f3n de Datos de Car\u00e1cter Personal (RDLOPD).<\/li>\n<li data-section-id=\"1rkd70x\" data-start=\"1081\" data-end=\"1172\">Ley 34\/2002, de 11 de julio, de Servicios de la Sociedad de la Informaci\u00f3n y de Comercio Electr\u00f3nico (LSSI-CE).<\/li>\n<\/ul>\n<h4 data-start=\"1174\" data-end=\"1219\">Identidad del responsable del tratamiento de datos personales<\/h4>\n<p data-start=\"1221\" data-end=\"1283\"><strong data-start=\"1221\" data-end=\"1233\">Direcci\u00f3n:<\/strong> C. Roger del Flor 33, El Masnou, Catalonia, Spain<\/p>\n<p data-start=\"1285\" data-end=\"1321\"><strong data-start=\"1285\" data-end=\"1307\">Tel\u00e9fono de contacto:<\/strong> +34 93 407 16 24&nbsp;<\/p>\n<p data-start=\"1323\" data-end=\"1399\"><strong data-start=\"1323\" data-end=\"1341\">Correo electr\u00f3nico de contacto:<\/strong>&nbsp;admin<a rel=\"noopener\" data-start=\"1342\" data-end=\"1399\">@belkon.org<\/a><\/p>\n<h4 data-start=\"1401\" data-end=\"1428\">Registro de datos personales<\/h4>\n<p data-start=\"1430\" data-end=\"1862\">En cumplimiento del RGPD y de la LOPD-GDD, le informamos de que los datos personales recabados por , a trav\u00e9s de los formularios disponibles en sus p\u00e1ginas, se incorporar\u00e1n y tratar\u00e1n en nuestros ficheros con la finalidad de facilitar, agilizar y cumplir los compromisos establecidos entre y el Usuario, mantener la relaci\u00f3n establecida a trav\u00e9s de los formularios cumplimentados por el Usuario, o responder a una solicitud o consulta.<\/p>\n<p data-start=\"1864\" data-end=\"2194\">Del mismo modo, de conformidad con lo dispuesto en el RGPD y la LOPD-GDD, salvo que se aplique la excepci\u00f3n prevista en el art\u00edculo 30, apartado 5, del RGPD, se mantendr\u00e1 un registro de las actividades de tratamiento en el que se especificar\u00e1n, en funci\u00f3n de sus fines, las actividades de tratamiento realizadas y las dem\u00e1s circunstancias establecidas en el RGPD.<\/p>\n<h4 data-start=\"2196\" data-end=\"2257\">Principios aplicables al tratamiento de datos personales<\/h4>\n<p data-start=\"2259\" data-end=\"2523\">El tratamiento de los datos personales del usuario se regir\u00e1 por los siguientes principios, establecidos en el art\u00edculo 5 del RGPD y en el art\u00edculo 4 y disposiciones siguientes de la Ley Org\u00e1nica 3\/2018, de 5 de diciembre, de Protecci\u00f3n de Datos Personales y Garant\u00eda de los Derechos Digitales:<\/p>\n<ul data-start=\"2525\" data-end=\"3545\">\n<li data-section-id=\"1d1uni2\" data-start=\"2525\" data-end=\"2734\"><strong data-start=\"2527\" data-end=\"2582\">Principio de legalidad, equidad y transparencia:<\/strong> Se requerir\u00e1 en todo momento el consentimiento del usuario, tras haberle facilitado informaci\u00f3n totalmente transparente sobre los fines para los que se recogen los datos personales.<\/li>\n<li data-section-id=\"1qssnpw\" data-start=\"2735\" data-end=\"2852\"><strong data-start=\"2737\" data-end=\"2770\">Principio de limitaci\u00f3n de la finalidad:<\/strong> Los datos personales se recopilar\u00e1n con fines espec\u00edficos, expl\u00edcitos y leg\u00edtimos.<\/li>\n<li data-section-id=\"7vdz2b\" data-start=\"2853\" data-end=\"3017\"><strong data-start=\"2855\" data-end=\"2887\">Principio de minimizaci\u00f3n de datos:<\/strong> Los datos personales recabados se limitar\u00e1n a lo estrictamente necesario en relaci\u00f3n con los fines para los que se tratan.<\/li>\n<li data-section-id=\"mv31q2\" data-start=\"3018\" data-end=\"3095\"><strong data-start=\"3020\" data-end=\"3043\">Principio de precisi\u00f3n:<\/strong> Los datos personales deben ser exactos y mantenerse actualizados.<\/li>\n<li data-section-id=\"paf89m\" data-start=\"3096\" data-end=\"3282\"><strong data-start=\"3098\" data-end=\"3131\">Principio de limitaci\u00f3n del almacenamiento:<\/strong> Los datos personales solo se conservar\u00e1n en una forma que permita identificar al usuario durante el tiempo que sea necesario para los fines para los que se tratan.<\/li>\n<li data-section-id=\"gp2w2f\" data-start=\"3283\" data-end=\"3421\"><strong data-start=\"3285\" data-end=\"3329\">Principio de integridad y confidencialidad:<\/strong> Los datos personales se tratar\u00e1n de forma que se garantice su seguridad y confidencialidad.<\/li>\n<li data-section-id=\"vc5j7h\" data-start=\"3422\" data-end=\"3545\"><strong data-start=\"3424\" data-end=\"3453\">Principio de responsabilidad:<\/strong> El responsable del tratamiento ser\u00e1 el encargado de garantizar el cumplimiento de los principios anteriormente mencionados.<\/li>\n<\/ul>\n<h4 data-start=\"3547\" data-end=\"3579\">Categor\u00edas de datos personales<\/h4>\n<h4 data-start=\"3581\" data-end=\"3626\">Fundamento jur\u00eddico para el tratamiento de datos personales<\/h4>\n<p data-start=\"3628\" data-end=\"3824\">La base jur\u00eddica para el tratamiento de datos personales es el consentimiento. Se compromete a recabar el consentimiento expreso y verificable del usuario para el tratamiento de sus datos personales con una o varias finalidades concretas.<\/p>\n<p data-start=\"3826\" data-end=\"4037\">El usuario tendr\u00e1 derecho a retirar su consentimiento en cualquier momento. Retirar el consentimiento ser\u00e1 tan f\u00e1cil como otorgarlo. Por regla general, la retirada del consentimiento no afectar\u00e1 al uso del sitio web.<\/p>\n<p data-start=\"4039\" data-end=\"4372\">En los casos en que el usuario deba o pueda facilitar datos a trav\u00e9s de formularios con el fin de realizar consultas, solicitar informaci\u00f3n o por motivos relacionados con el contenido del sitio web, se le informar\u00e1 de si es obligatorio rellenar alguno de dichos campos, ya que dicha informaci\u00f3n es imprescindible para la correcta realizaci\u00f3n de la operaci\u00f3n solicitada.<\/p>\n<h4 data-start=\"4374\" data-end=\"4424\">Finalidades para las que se tratan los datos personales<\/h4>\n<p data-start=\"4426\" data-end=\"4708\">Los datos personales se recogen y gestionan con el fin de facilitar, agilizar y cumplir los compromisos establecidos entre el sitio web y el usuario, mantener la relaci\u00f3n establecida a trav\u00e9s de los formularios cumplimentados por el usuario o responder a una solicitud o consulta.<\/p>\n<p data-start=\"4710\" data-end=\"5051\">Del mismo modo, los datos podr\u00e1n utilizarse con fines comerciales, de personalizaci\u00f3n, operativos y estad\u00edsticos, as\u00ed como para actividades relacionadas con el objeto social de , y para la extracci\u00f3n y el almacenamiento de datos y la realizaci\u00f3n de estudios de marketing destinados a adaptar el Contenido ofrecido al Usuario y a mejorar la calidad, el funcionamiento y la navegaci\u00f3n por el Sitio web.<\/p>\n<p data-start=\"5053\" data-end=\"5274\">En el momento de la recogida de los datos personales, se informar\u00e1 al usuario de la finalidad o finalidades espec\u00edficas para las que se tratar\u00e1n dichos datos; es decir, el uso o usos que se har\u00e1n de la informaci\u00f3n recopilada.<\/p>\n<h4 data-start=\"5276\" data-end=\"5312\">Plazos de conservaci\u00f3n de los datos personales<\/h4>\n<p data-start=\"5314\" data-end=\"5505\">Los datos personales solo se conservar\u00e1n durante el tiempo m\u00ednimo necesario para los fines del tratamiento y, en cualquier caso, \u00fanicamente durante el siguiente plazo: , o hasta que el usuario solicite su supresi\u00f3n.<\/p>\n<p data-start=\"5507\" data-end=\"5710\">En el momento de la recogida de los datos personales, se informar\u00e1 al usuario del plazo durante el cual se conservar\u00e1n dichos datos o, cuando ello no sea posible, de los criterios utilizados para determinar dicho plazo.<\/p>\n<h4 data-start=\"5712\" data-end=\"5744\">Destinatarios de los datos personales<\/h4>\n<h4 data-start=\"5746\" data-end=\"5774\">Datos personales de menores<\/h4>\n<p data-start=\"5776\" data-end=\"6044\">De conformidad con el art\u00edculo 8 del RGPD y el art\u00edculo 7 de la Ley Org\u00e1nica 3\/2018, de 5 de diciembre, de Protecci\u00f3n de Datos Personales y Garant\u00eda de los Derechos Digitales, solo las personas mayores de 14 a\u00f1os pueden dar legalmente su consentimiento para el tratamiento de sus datos personales por parte de .<\/p>\n<p data-start=\"6046\" data-end=\"6277\">Cuando la persona sea menor de 14 a\u00f1os, se requerir\u00e1 el consentimiento de sus padres o tutores legales para el tratamiento de sus datos, y dicho tratamiento solo se considerar\u00e1 l\u00edcito en la medida en que haya sido autorizado por ellos.<\/p>\n<h4 data-start=\"6279\" data-end=\"6329\">Confidencialidad y seguridad de los datos personales<\/h4>\n<p data-start=\"6332\" data-end=\"6738\">se compromete a adoptar las medidas t\u00e9cnicas y organizativas necesarias, de acuerdo con el nivel de seguridad adecuado al riesgo asociado a los datos recabados, con el fin de garantizar la seguridad de los datos personales y evitar la destrucci\u00f3n, p\u00e9rdida o alteraci\u00f3n accidental o il\u00edcita de los datos personales transmitidos, almacenados o tratados de cualquier otra forma, as\u00ed como la divulgaci\u00f3n o el acceso no autorizados a dichos datos.<\/p>\n<p data-start=\"6740\" data-end=\"7080\">No obstante, dado que no se puede garantizar la seguridad absoluta de Internet ni la ausencia total de piratas inform\u00e1ticos u otras personas que accedan de forma fraudulenta a los datos personales, el responsable del tratamiento se compromete a notificar al usuario sin demora injustificada cuando una violaci\u00f3n de la seguridad de los datos personales pueda suponer un alto riesgo para los derechos y libertades de las personas f\u00edsicas.<\/p>\n<p data-start=\"7082\" data-end=\"7342\">De conformidad con el art\u00edculo 4 del RGPD, se entiende por \u00abviolaci\u00f3n de la seguridad de los datos personales\u00bb toda violaci\u00f3n de la seguridad que d\u00e9 lugar a la destrucci\u00f3n, p\u00e9rdida, alteraci\u00f3n, divulgaci\u00f3n no autorizada o acceso no autorizado, de forma accidental o il\u00edcita, a datos personales transmitidos, almacenados o tratados de cualquier otra forma.<\/p>\n<p data-start=\"7344\" data-end=\"7621\">Los datos personales ser\u00e1n tratados de forma confidencial por el responsable del tratamiento, quien se compromete a informar y a garantizar, mediante una obligaci\u00f3n legal o contractual, que dicha confidencialidad sea respetada por sus empleados, colaboradores y cualquier persona a la que se facilite el acceso a dicha informaci\u00f3n.<\/p>\n<h4 data-start=\"7623\" data-end=\"7679\">Derechos derivados del tratamiento de datos personales<\/h4>\n<p data-start=\"7681\" data-end=\"7909\">El usuario tiene los siguientes derechos y, por lo tanto, puede ejercerlos ante el responsable del tratamiento, tal y como reconocen el RGPD y la Ley Org\u00e1nica 3\/2018, de 5 de diciembre, de Protecci\u00f3n de Datos Personales y Garant\u00eda de los Derechos Digitales:<\/p>\n<ul data-start=\"7911\" data-end=\"10823\">\n<li data-section-id=\"uu11nv\" data-start=\"7911\" data-end=\"8334\"><strong data-start=\"7913\" data-end=\"7933\">Derecho de acceso:<\/strong> Se trata del derecho del usuario a obtener confirmaci\u00f3n sobre si se est\u00e1n tratando o no sus datos personales y, en caso afirmativo, a obtener informaci\u00f3n sobre los datos personales concretos de que se trate y sobre el tratamiento que se haya realizado o se est\u00e9 realizando, incluida, entre otras cosas, la informaci\u00f3n disponible sobre el origen de dichos datos y los destinatarios de las comunicaciones realizadas o previstas.<\/li>\n<li data-section-id=\"lty16k\" data-start=\"8335\" data-end=\"8524\"><strong data-start=\"8337\" data-end=\"8364\">Derecho de rectificaci\u00f3n:<\/strong> Se trata del derecho del usuario a que se rectifiquen los datos personales inexactos o, teniendo en cuenta los fines del tratamiento, a que se completen los datos personales incompletos.<\/li>\n<li data-section-id=\"12kix6j\" data-start=\"8525\" data-end=\"9550\"><strong data-start=\"8527\" data-end=\"8574\">Derecho de supresi\u00f3n (\u201cderecho al olvido\u201d):<\/strong> El Usuario tiene derecho, salvo que la legislaci\u00f3n vigente disponga lo contrario, a solicitar la supresi\u00f3n de sus datos personales cuando dichos datos ya no sean necesarios para los fines para los que fueron recogidos o tratados; el Usuario haya retirado su consentimiento y no exista otra base jur\u00eddica para el tratamiento; el usuario se oponga al tratamiento y no existan motivos leg\u00edtimos imperiosos para continuarlo; los datos personales se hayan tratado de forma il\u00edcita; los datos personales deban suprimirse para cumplir con una obligaci\u00f3n legal; o los datos personales se hayan obtenido en relaci\u00f3n con la oferta directa de servicios de la sociedad de la informaci\u00f3n a un menor de 14 a\u00f1os. Adem\u00e1s de suprimir los datos, el responsable del tratamiento, teniendo en cuenta la tecnolog\u00eda disponible y el coste de la aplicaci\u00f3n, adoptar\u00e1 medidas razonables para informar a los responsables que traten los datos personales de la solicitud del interesado de que se supriman los enlaces a dichos datos personales.<\/li>\n<li data-section-id=\"ekuk4m\" data-start=\"9551\" data-end=\"9996\"><strong data-start=\"9553\" data-end=\"9592\">Derecho a la limitaci\u00f3n del tratamiento:<\/strong> Se trata del derecho del usuario a limitar el tratamiento de sus datos personales. El usuario tiene derecho a obtener la limitaci\u00f3n del tratamiento cuando impugne la exactitud de sus datos personales; cuando el tratamiento sea il\u00edcito; cuando el responsable del tratamiento ya no necesite los datos personales, pero el usuario los necesite para la formulaci\u00f3n, el ejercicio o la defensa de reclamaciones legales; o cuando el usuario se haya opuesto al tratamiento.<\/li>\n<li data-section-id=\"jmnjv2\" data-start=\"9997\" data-end=\"10381\"><strong data-start=\"9999\" data-end=\"10029\">Derecho a la portabilidad de los datos:<\/strong> Cuando el tratamiento se realice por medios automatizados, el usuario tendr\u00e1 derecho a recibir del responsable del tratamiento sus datos personales en un formato estructurado, de uso com\u00fan y legible por m\u00e1quina, as\u00ed como a transmitirlos a otro responsable del tratamiento. Cuando sea t\u00e9cnicamente viable, el responsable del tratamiento transmitir\u00e1 los datos directamente al otro responsable del tratamiento.<\/li>\n<li data-section-id=\"s19q8s\" data-start=\"10382\" data-end=\"10519\"><strong data-start=\"10384\" data-end=\"10404\">Derecho de oposici\u00f3n:<\/strong> Este es el derecho del usuario a oponerse al tratamiento de sus datos personales o a que se ponga fin a dicho tratamiento por parte de .<\/li>\n<li data-section-id=\"sx0e9g\" data-start=\"10520\" data-end=\"10823\"><strong data-start=\"10522\" data-end=\"10622\">Derecho a no ser objeto de una decisi\u00f3n basada exclusivamente en un tratamiento automatizado, incluida la elaboraci\u00f3n de perfiles:<\/strong> El usuario tiene derecho a no ser objeto de una decisi\u00f3n individual basada exclusivamente en el tratamiento automatizado de sus datos personales, incluida la elaboraci\u00f3n de perfiles, salvo que la legislaci\u00f3n vigente disponga lo contrario.<\/li>\n<\/ul>\n<p data-start=\"10825\" data-end=\"10974\">En consecuencia, el usuario podr\u00e1 ejercer sus derechos enviando una comunicaci\u00f3n por escrito al responsable del tratamiento con la referencia <strong data-start=\"10950\" data-end=\"10961\">\u201cRGPD-\u201d<\/strong>, especificando:<\/p>\n<ul data-start=\"10976\" data-end=\"11541\">\n<li data-section-id=\"1b2pyuz\" data-start=\"10976\" data-end=\"11315\">El nombre y los apellidos del usuario, as\u00ed como una copia de su documento de identidad. Cuando se permita la representaci\u00f3n, tambi\u00e9n se exigir\u00e1 la identificaci\u00f3n del representante mediante los mismos medios, junto con el documento que acredite dicha representaci\u00f3n. La fotocopia del documento de identidad podr\u00e1 sustituirse por cualquier otro medio legalmente v\u00e1lido que acredite la identidad.<\/li>\n<li data-section-id=\"1w8ppf2\" data-start=\"11316\" data-end=\"11415\">La solicitud, en la que se especifiquen los motivos de la misma o la informaci\u00f3n a la que se solicita acceso.<\/li>\n<li data-section-id=\"6dhgcr\" data-start=\"11416\" data-end=\"11452\">Direcci\u00f3n a efectos de notificaci\u00f3n.<\/li>\n<li data-section-id=\"1k8fmep\" data-start=\"11453\" data-end=\"11491\">Fecha y firma del solicitante.<\/li>\n<li data-section-id=\"1n7dehe\" data-start=\"11492\" data-end=\"11541\">Cualquier documento que respalde la solicitud presentada.<\/li>\n<\/ul>\n<p data-start=\"11543\" data-end=\"11652\">Esta solicitud y cualquier documento adjunto pueden enviarse a la siguiente direcci\u00f3n postal y\/o direcci\u00f3n de correo electr\u00f3nico:<\/p>\n<p data-start=\"11654\" data-end=\"11723\"><strong data-start=\"11654\" data-end=\"11673\">Direcci\u00f3n postal:<\/strong> C. Roger del Flor, 33, 08320, El Masnou, Catalu\u00f1a<\/p>\n<p data-start=\"11725\" data-end=\"11793\"><strong data-start=\"11725\" data-end=\"11735\">Correo electr\u00f3nico:<\/strong> <a rel=\"noopener\" data-start=\"11736\" data-end=\"11793\">josep.vicent@belkon.org<\/a><\/p>\n<h4 data-start=\"11795\" data-end=\"11829\">Enlaces a sitios web de terceros<\/h4>\n<p data-start=\"11831\" data-end=\"11969\">El sitio web puede incluir hiperv\u00ednculos o enlaces que den acceso a sitios web de terceros distintos de , los cuales, por lo tanto, no son gestionados por .<\/p>\n<p data-start=\"11971\" data-end=\"12126\">Los propietarios de dichos sitios web contar\u00e1n con sus propias pol\u00edticas de protecci\u00f3n de datos y ser\u00e1n, en cada caso, responsables de sus propios ficheros y pr\u00e1cticas de privacidad.<\/p>\n<h4 data-start=\"12128\" data-end=\"12172\">Reclamaciones ante la autoridad de control<\/h4>\n<p data-start=\"12174\" data-end=\"12537\">Si el usuario considera que existe un problema o una infracci\u00f3n de la legislaci\u00f3n vigente en relaci\u00f3n con el tratamiento de sus datos personales, tendr\u00e1 derecho a una tutela judicial efectiva y a presentar una reclamaci\u00f3n ante una autoridad de control, en particular en el Estado miembro de su residencia habitual, de su lugar de trabajo o del lugar donde se haya producido la supuesta infracci\u00f3n.<\/p>\n<p data-start=\"12539\" data-end=\"12709\">En Espa\u00f1a, la autoridad de control es la <strong data-start=\"12582\" data-end=\"12665\">Agencia Espa\u00f1ola de Protecci\u00f3n de Datos (AEPD)<\/strong> (<a href=\"http:\/\/www.agpd.es\" target=\"_new\" rel=\"noopener nofollow\" data-start=\"12667\" data-end=\"12707\">http:\/\/www.agpd.es<\/a>).<\/p>\n<h3 data-section-id=\"1x9wyh9\" data-start=\"12711\" data-end=\"12767\">II. ACEPTACI\u00d3N Y MODIFICACIONES DE LA PRESENTE POL\u00cdTICA DE PRIVACIDAD<\/h3>\n<p data-start=\"12769\" data-end=\"13057\">El usuario debe haber le\u00eddo y aceptado las condiciones relativas a la protecci\u00f3n de datos personales recogidas en la presente Pol\u00edtica de Privacidad, y debe aceptar el tratamiento de sus datos personales para que el responsable del tratamiento pueda tratarlos de la forma, durante los plazos y con los fines indicados.<\/p>\n<p data-start=\"13059\" data-end=\"13123\">El uso de la p\u00e1gina web implica la aceptaci\u00f3n de su Pol\u00edtica de privacidad.<\/p>\n<p data-start=\"13126\" data-end=\"13302\">se reserva el derecho a modificar su Pol\u00edtica de Privacidad a su entera discreci\u00f3n o como consecuencia de cambios legislativos, jurisprudenciales o doctrinales dictados por la Agencia Espa\u00f1ola de Protecci\u00f3n de Datos.<\/p>\n<p data-start=\"13304\" data-end=\"13504\">Los cambios o actualizaciones de la presente Pol\u00edtica de privacidad no se notificar\u00e1n expl\u00edcitamente al usuario. Se recomienda a los usuarios que consulten esta p\u00e1gina peri\u00f3dicamente para mantenerse informados de los \u00faltimos cambios o actualizaciones.<\/p>\n<p data-start=\"13506\" data-end=\"13887\" data-is-last-node=\"\" data-is-only-node=\"\">La presente Pol\u00edtica de Privacidad se ha actualizado para ajustarse al Reglamento (UE) 2016\/679 del Parlamento Europeo y del Consejo, de 27 de abril de 2016, relativo a la protecci\u00f3n de las personas f\u00edsicas en lo que respecta al tratamiento de datos personales y a la libre circulaci\u00f3n de dichos datos (RGPD), as\u00ed como con la Ley Org\u00e1nica 3\/2018, de 5 de diciembre, de Protecci\u00f3n de Datos Personales y Garant\u00eda de los Derechos Digitales.<\/p>\n<\/header>\t\t\t\t\t\t\t\t<\/div>\n\t\t\t\t<\/div>\n\t\t\t\t\t<\/div>\n\t\t\t\t<\/div>\n\t\t\t\t<\/div>","protected":false},"excerpt":{"rendered":"<p>WEBSITE PRIVACY POLICY I. PRIVACY AND DATA PROTECTION POLICY In compliance with the provisions of current legislation, (hereinafter also referred to as the \u201cWebsite\u201d) undertakes to adopt the necessary technical and organisational measures, according to the appropriate level of security for the risk associated with the data collected. Laws incorporated into this Privacy Policy This [&hellip;]<\/p>\n","protected":false},"author":2,"featured_media":0,"parent":0,"menu_order":0,"comment_status":"closed","ping_status":"closed","template":"","meta":{"footnotes":""},"class_list":["post-421","page","type-page","status-publish","hentry"],"_links":{"self":[{"href":"https:\/\/belkon.org\/es\/wp-json\/wp\/v2\/pages\/421","targetHints":{"allow":["GET"]}}],"collection":[{"href":"https:\/\/belkon.org\/es\/wp-json\/wp\/v2\/pages"}],"about":[{"href":"https:\/\/belkon.org\/es\/wp-json\/wp\/v2\/types\/page"}],"author":[{"embeddable":true,"href":"https:\/\/belkon.org\/es\/wp-json\/wp\/v2\/users\/2"}],"replies":[{"embeddable":true,"href":"https:\/\/belkon.org\/es\/wp-json\/wp\/v2\/comments?post=421"}],"version-history":[{"count":5,"href":"https:\/\/belkon.org\/es\/wp-json\/wp\/v2\/pages\/421\/revisions"}],"predecessor-version":[{"id":1734,"href":"https:\/\/belkon.org\/es\/wp-json\/wp\/v2\/pages\/421\/revisions\/1734"}],"wp:attachment":[{"href":"https:\/\/belkon.org\/es\/wp-json\/wp\/v2\/media?parent=421"}],"curies":[{"name":"wp","href":"https:\/\/api.w.org\/{rel}","templated":true}]}}