{"id":421,"date":"2024-09-02T19:32:48","date_gmt":"2024-09-02T18:32:48","guid":{"rendered":"https:\/\/base.thebluegrow.com\/?page_id=421"},"modified":"2026-09-02T19:45:56","modified_gmt":"2026-09-02T18:45:56","slug":"politica-de-privadesa","status":"publish","type":"page","link":"https:\/\/belkon.org\/ca\/politica-de-privacidad\/","title":{"rendered":"Privacidad"},"content":{"rendered":"<div data-elementor-type=\"wp-page\" data-elementor-id=\"421\" class=\"elementor elementor-421\" data-elementor-post-type=\"page\">\n\t\t\t\t<div class=\"elementor-element elementor-element-815bcf7 e-flex e-con-boxed e-con e-parent\" data-id=\"815bcf7\" data-element_type=\"container\" data-e-type=\"container\">\n\t\t\t\t\t<div class=\"e-con-inner\">\n\t\t\t\t<div class=\"elementor-element elementor-element-2acd117d elementor-widget elementor-widget-text-editor\" data-id=\"2acd117d\" data-element_type=\"widget\" data-e-type=\"widget\" data-widget_type=\"text-editor.default\">\n\t\t\t\t<div class=\"elementor-widget-container\">\n\t\t\t\t\t\t\t\t\t<header>\n<h2 data-section-id=\"172cnx4\" data-start=\"0\" data-end=\"25\">POL\u00cdTICA DE PRIVACITAT DEL LLOC WEB<\/h2>\n<h3 data-section-id=\"gywphb\" data-start=\"27\" data-end=\"68\">I. POL\u00cdTICA DE PRIVACITAT I PROTECCI\u00d3 DE DADES<\/h3>\n<p data-start=\"70\" data-end=\"344\">En compliment de les disposicions de la legislaci\u00f3 vigent, (d'ara endavant tamb\u00e9 anomenat el \u201cLloc web\u201d) es compromet a adoptar les mesures t\u00e8cniques i organitzatives necess\u00e0ries, d'acord amb el nivell de seguretat adequat al risc associat a les dades recollides.<\/p>\n<h4 data-start=\"346\" data-end=\"393\">Lleis incorporades a aquesta Pol\u00edtica de privacitat<\/h4>\n<p data-start=\"395\" data-end=\"586\">Aquesta Pol\u00edtica de privacitat s'ha adaptat a la legislaci\u00f3 espanyola i europea vigent en mat\u00e8ria de protecci\u00f3 de dades personals a Internet. En particular, compleix amb les seg\u00fcents normatives:<\/p>\n<ul data-start=\"588\" data-end=\"1172\">\n<li data-section-id=\"81r1ni\" data-start=\"588\" data-end=\"807\">Reglament (UE) 2016\/679 del Parlament Europeu i del Consell, de 27 d'abril de 2016, relatiu a la protecci\u00f3 de les persones f\u00edsiques pel que fa al tractament de dades personals i a la lliure circulaci\u00f3 d'aquestes dades (RGPD).<\/li>\n<li data-section-id=\"rurw68\" data-start=\"808\" data-end=\"921\">Llei Org\u00e0nica 3\/2018, de 5 de desembre, de Protecci\u00f3 de Dades Personals i Garantia dels Drets Digitals (LOPD-GDD).<\/li>\n<li data-section-id=\"uaqs7\" data-start=\"922\" data-end=\"1080\">Reial Decret 1720\/2007, de 21 de desembre, pel qual s'aprova el Reglament de desenvolupament de la Llei Org\u00e0nica 15\/1999, de 13 de desembre, de protecci\u00f3 de dades de car\u00e0cter personal (RDLOPD).<\/li>\n<li data-section-id=\"1rkd70x\" data-start=\"1081\" data-end=\"1172\">Llei 34\/2002, d'11 de juliol, de Serveis de la Societat de la Informaci\u00f3 i de Comer\u00e7 Electr\u00f2nic (LSSI-CE).<\/li>\n<\/ul>\n<h4 data-start=\"1174\" data-end=\"1219\">Identitat del responsable del tractament de dades personals<\/h4>\n<p data-start=\"1221\" data-end=\"1283\"><strong data-start=\"1221\" data-end=\"1233\">Adre\u00e7a:<\/strong> C. Roger del Flor 33, El Masnou, Catalonia, Spain<\/p>\n<p data-start=\"1285\" data-end=\"1321\"><strong data-start=\"1285\" data-end=\"1307\">Tel\u00e8fon de contacte:<\/strong> +34 93 407 16 24&nbsp;<\/p>\n<p data-start=\"1323\" data-end=\"1399\"><strong data-start=\"1323\" data-end=\"1341\">Correu electr\u00f2nic de contacte:<\/strong>&nbsp;admin<a rel=\"noopener\" data-start=\"1342\" data-end=\"1399\">@belkon.org<\/a><\/p>\n<h4 data-start=\"1401\" data-end=\"1428\">Registre de dades personals<\/h4>\n<p data-start=\"1430\" data-end=\"1862\">En compliment del RGPD i de la LOPD-GDD, li informem que les dades personals recollides per , mitjan\u00e7ant els formularis disponibles a les seves p\u00e0gines, s'incorporaran i es tractaran als nostres fitxers amb la finalitat de facilitar, agilitzar i complir els compromisos establerts entre i l'Usuari, mantenir la relaci\u00f3 establerta mitjan\u00e7ant els formularis completats per l'Usuari, o respondre a una sol\u00b7licitud o consulta.<\/p>\n<p data-start=\"1864\" data-end=\"2194\">De la mateixa manera, d'acord amb les disposicions del RGPD i de la LOPD-GDD, llevat que s'apliqui l'excepci\u00f3 prevista a l'article 30.5 del RGPD, es mantindr\u00e0 un registre d'activitats de tractament, en qu\u00e8 s'especifiquin, segons els seus prop\u00f2sits, les activitats de tractament realitzades i les altres circumst\u00e0ncies establertes al RGPD.<\/p>\n<h4 data-start=\"2196\" data-end=\"2257\">Principis aplicables al tractament de dades personals<\/h4>\n<p data-start=\"2259\" data-end=\"2523\">El tractament de les dades personals de l'Usuari estar\u00e0 subjecte als principis seg\u00fcents establerts a l'article 5 del RGPD i a l'article 4 i a les disposicions posteriors de la Llei Org\u00e0nica 3\/2018, de 5 de desembre, de Protecci\u00f3 de Dades Personals i Garantia dels Drets Digitals:<\/p>\n<ul data-start=\"2525\" data-end=\"3545\">\n<li data-section-id=\"1d1uni2\" data-start=\"2525\" data-end=\"2734\"><strong data-start=\"2527\" data-end=\"2582\">Principi de legalitat, equitat i transpar\u00e8ncia:<\/strong> Es requerir\u00e0 el consentiment de l'Usuari en tot moment, despr\u00e9s d'una informaci\u00f3 totalment transparent sobre les finalitats per a les quals es recullen les dades personals.<\/li>\n<li data-section-id=\"1qssnpw\" data-start=\"2735\" data-end=\"2852\"><strong data-start=\"2737\" data-end=\"2770\">Principi de limitaci\u00f3 de la finalitat:<\/strong> Les dades personals s'han de recollir per a finalitats espec\u00edfiques, expl\u00edcites i leg\u00edtimes.<\/li>\n<li data-section-id=\"7vdz2b\" data-start=\"2853\" data-end=\"3017\"><strong data-start=\"2855\" data-end=\"2887\">Principi de minimitzaci\u00f3 de dades:<\/strong> Les dades personals recollides s'hauran de limitar al que sigui estrictament necessari en relaci\u00f3 amb les finalitats per a les quals es tractin.<\/li>\n<li data-section-id=\"mv31q2\" data-start=\"3018\" data-end=\"3095\"><strong data-start=\"3020\" data-end=\"3043\">Principi d'exactitud:<\/strong> Les dades personals han de ser exactes i estar actualitzades.<\/li>\n<li data-section-id=\"paf89m\" data-start=\"3096\" data-end=\"3282\"><strong data-start=\"3098\" data-end=\"3131\">Principi de limitaci\u00f3 de l'emmagatzematge:<\/strong> Les dades personals nom\u00e9s es conservaran en la forma que permeti la identificaci\u00f3 de l'Usuari durant el temps necessari per a les finalitats per a les quals es tracten.<\/li>\n<li data-section-id=\"gp2w2f\" data-start=\"3283\" data-end=\"3421\"><strong data-start=\"3285\" data-end=\"3329\">Principi d'integritat i confidencialitat:<\/strong> Les dades personals s'han de tractar de manera que se'n garanteixi la seguretat i la confidencialitat.<\/li>\n<li data-section-id=\"vc5j7h\" data-start=\"3422\" data-end=\"3545\"><strong data-start=\"3424\" data-end=\"3453\">Principi de responsabilitat:<\/strong> El responsable del tractament ser\u00e0 responsable de garantir el compliment dels principis esmentats.<\/li>\n<\/ul>\n<h4 data-start=\"3547\" data-end=\"3579\">Categories de dades personals<\/h4>\n<h4 data-start=\"3581\" data-end=\"3626\">Base jur\u00eddica per al tractament de dades personals<\/h4>\n<p data-start=\"3628\" data-end=\"3824\">La base jur\u00eddica per al tractament de dades personals \u00e9s el consentiment. Es compromet a obtenir el consentiment expr\u00e9s i verificable de l'Usuari per al tractament de les seves dades personals per a un o m\u00e9s finalitats espec\u00edfiques.<\/p>\n<p data-start=\"3826\" data-end=\"4037\">L'Usuari tindr\u00e0 dret a retirar el seu consentiment en qualsevol moment. Retirar el consentiment ser\u00e0 tan f\u00e0cil com donar-lo. Com a regla general, la retirada del consentiment no afectar\u00e0 l'\u00fas del lloc web.<\/p>\n<p data-start=\"4039\" data-end=\"4372\">En els casos en qu\u00e8 l'Usuari hagi de o pugui proporcionar dades mitjan\u00e7ant formularis per fer consultes, sol\u00b7licitar informaci\u00f3 o per motius relacionats amb el contingut del lloc web, s'informar\u00e0 l'Usuari si l'emplenament de qualsevol d'aquests camps \u00e9s obligatori perqu\u00e8 la informaci\u00f3 \u00e9s essencial per al correcte desenvolupament de l'operaci\u00f3 sol\u00b7licitada.<\/p>\n<h4 data-start=\"4374\" data-end=\"4424\">Finalitats per a les quals es tracten les dades personals<\/h4>\n<p data-start=\"4426\" data-end=\"4708\">Les dades personals es recullen i gestionen amb la finalitat de facilitar, agilitzar i complir els compromisos establerts entre el lloc web i l'usuari, mantenir la relaci\u00f3 establerta mitjan\u00e7ant els formularis emplenats per l'usuari o respondre a una sol\u00b7licitud o consulta.<\/p>\n<p data-start=\"4710\" data-end=\"5051\">De la mateixa manera, les dades es poden utilitzar amb finalitats comercials, de personalitzaci\u00f3, operatives i estad\u00edstiques, i per a activitats relacionades amb l'objecte social de , aix\u00ed com per a l'extracci\u00f3 i l'emmagatzematge de dades i estudis de m\u00e0rqueting destinats a adaptar el contingut ofert a l'usuari i a millorar la qualitat, el funcionament i la navegaci\u00f3 del lloc web.<\/p>\n<p data-start=\"5053\" data-end=\"5274\">En el moment en qu\u00e8 s'obtenen les dades personals, s'informar\u00e0 l'Usuari del o dels prop\u00f2sits espec\u00edfics per als quals es tractaran les dades personals; \u00e9s a dir, de l'\u00fas o dels usos que es faran de la informaci\u00f3 recollida.<\/p>\n<h4 data-start=\"5276\" data-end=\"5312\">Periodes de conservaci\u00f3 de dades personals<\/h4>\n<p data-start=\"5314\" data-end=\"5505\">Les dades personals nom\u00e9s es conservaran durant el temps m\u00ednim necessari per a les finalitats del tractament i, en qualsevol cas, nom\u00e9s durant el per\u00edode seg\u00fcent: , o fins que l'Usuari sol\u00b7liciti la seva supressi\u00f3.<\/p>\n<p data-start=\"5507\" data-end=\"5710\">En el moment en qu\u00e8 s'obtenen les dades personals, s'informar\u00e0 l'Usuari del per\u00edode durant el qual es conservaran les dades personals o, si aix\u00f2 no \u00e9s possible, dels criteris utilitzats per determinar aquest per\u00edode.<\/p>\n<h4 data-start=\"5712\" data-end=\"5744\">Destinataris de dades personals<\/h4>\n<h4 data-start=\"5746\" data-end=\"5774\">Dades personals de menors<\/h4>\n<p data-start=\"5776\" data-end=\"6044\">D'acord amb l'article 8 del RGPD i l'article 7 de la Llei Org\u00e0nica 3\/2018, de 5 de desembre, de protecci\u00f3 de dades personals i garantia dels drets digitals, nom\u00e9s les persones majors de 14 anys poden donar v\u00e0lidament el seu consentiment per al tractament de les seves dades personals per .<\/p>\n<p data-start=\"6046\" data-end=\"6277\">Quan la persona sigui menor de 14 anys, caldr\u00e0 el consentiment dels seus pares o tutors legals per al tractament, i aquest nom\u00e9s es considerar\u00e0 l\u00edcit en la mesura que hagi estat autoritzat per ells.<\/p>\n<h4 data-start=\"6279\" data-end=\"6329\">Confidencialitat i seguretat de les dades personals<\/h4>\n<p data-start=\"6332\" data-end=\"6738\">es compromet a adoptar les mesures t\u00e8cniques i organitzatives necess\u00e0ries, d'acord amb el nivell de seguretat adequat al risc associat a les dades recollides, per tal de garantir la seguretat de les dades personals i evitar la destrucci\u00f3, p\u00e8rdua o alteraci\u00f3 accidentals o il\u00b7l\u00edcites de les dades personals transmeses, emmagatzemades o processades de qualsevol altra manera, o la divulgaci\u00f3 o l'acc\u00e9s no autoritzats a aquestes dades.<\/p>\n<p data-start=\"6740\" data-end=\"7080\">Tanmateix, at\u00e8s que no es pot garantir la seguretat absoluta d'Internet ni l'abs\u00e8ncia total de pirates inform\u00e0tics o d'altres tercers que accedeixin fraudulentament a les dades personals, el Responsable del Tractament es compromet a notificar l'Usuari sense dilaci\u00f3 indeguda quan una violaci\u00f3 de dades personals sigui probable que comporti un alt risc per als drets i les llibertats de les persones f\u00edsiques.<\/p>\n<p data-start=\"7082\" data-end=\"7342\">D'acord amb l'article 4 del RGPD, una violaci\u00f3 de dades personals \u00e9s una violaci\u00f3 de la seguretat que provoca la destrucci\u00f3, p\u00e8rdua, alteraci\u00f3, divulgaci\u00f3 no autoritzada o acc\u00e9s accidental o il\u00b7l\u00edcit a dades personals transmeses, emmagatzemades o processades d'una altra manera.<\/p>\n<p data-start=\"7344\" data-end=\"7621\">Les dades personals seran tractades com a confidencials pel Responsable del Tractament, que es compromet a informar i a garantir, mitjan\u00e7ant una obligaci\u00f3 legal o contractual, que aquesta confidencialitat sigui respectada pels seus empleats, associats i qualsevol persona a qui es faci accessible la informaci\u00f3.<\/p>\n<h4 data-start=\"7623\" data-end=\"7679\">Drets derivats del tractament de dades personals<\/h4>\n<p data-start=\"7681\" data-end=\"7909\">L'Usuari t\u00e9 els seg\u00fcents drets i, per tant, els pot exercir davant del Responsable del Tractament, tal com es reconeixen en el RGPD i la Llei Org\u00e0nica 3\/2018, de 5 de desembre, de Protecci\u00f3 de Dades Personals i Garantia dels Drets Digitals:<\/p>\n<ul data-start=\"7911\" data-end=\"10823\">\n<li data-section-id=\"uu11nv\" data-start=\"7911\" data-end=\"8334\"><strong data-start=\"7913\" data-end=\"7933\">Dret d'acc\u00e9s:<\/strong> Aquest \u00e9s el dret de l'usuari a obtenir la confirmaci\u00f3 de si les seves dades personals estan sent tractades o no i, si \u00e9s el cas, a obtenir informaci\u00f3 sobre les dades personals concretes de qu\u00e8 es tracta i sobre el tractament que s'ha dut a terme o que s'est\u00e0 duent a terme, incloent-hi, entre altres coses, la informaci\u00f3 disponible sobre l'origen d'aquestes dades i els destinataris de les comunicacions efectuades o planificades.<\/li>\n<li data-section-id=\"lty16k\" data-start=\"8335\" data-end=\"8524\"><strong data-start=\"8337\" data-end=\"8364\">Dret a la rectificaci\u00f3:<\/strong> Aquest \u00e9s el dret de l'usuari a obtenir la correcci\u00f3 de les dades personals inexactes o, tenint en compte els fins del tractament, la complementaci\u00f3 de les dades personals incompletes.<\/li>\n<li data-section-id=\"12kix6j\" data-start=\"8525\" data-end=\"9550\"><strong data-start=\"8527\" data-end=\"8574\">Dret a l'oblit (\u201cdret a ser oblidat\u201d):<\/strong> Aquest \u00e9s el dret de l'Usuari, sempre que la legislaci\u00f3 vigent no estableixi el contrari, a obtenir la supressi\u00f3 de les seves dades personals quan ja no siguin necess\u00e0ries per a les finalitats per a les quals es van recollir o tractar; l'Usuari hagi retirat el consentiment i no hi hagi cap altra base jur\u00eddica per al tractament; l'Usuari s'oposa al tractament i no hi ha motius leg\u00edtims imperiosos per continuar-lo; les dades personals s'han tractat de manera il\u00b7l\u00edcita; les dades personals s'han d'esborrar per complir una obligaci\u00f3 legal; o les dades personals s'han obtingut en relaci\u00f3 amb l'oferta directa de serveis de la societat de la informaci\u00f3 a un menor de 14 anys. A m\u00e9s d'eliminar les dades, el responsable del tractament, tenint en compte la tecnologia disponible i el cost de la seva aplicaci\u00f3, haur\u00e0 de prendre les mesures raonables per informar els altres responsables del tractament que processin les dades personals de la sol\u00b7licitud de l'interessat d'eliminar qualsevol enlla\u00e7 a aquestes dades personals.<\/li>\n<li data-section-id=\"ekuk4m\" data-start=\"9551\" data-end=\"9996\"><strong data-start=\"9553\" data-end=\"9592\">Dret a la limitaci\u00f3 del tractament:<\/strong> Aquest \u00e9s el dret de l'Usuari a limitar el tractament de les seves dades personals. L'Usuari t\u00e9 dret a obtenir la limitaci\u00f3 del tractament quan contesti l'exactitud de les seves dades personals; el tractament sigui il\u00b7l\u00edcit; el responsable del tractament ja no necessiti les dades personals, per\u00f2 l'Usuari les requereixi per a establir, exercir o defensar reclamacions legals; o quan l'Usuari s'hagi oposat al tractament.<\/li>\n<li data-section-id=\"jmnjv2\" data-start=\"9997\" data-end=\"10381\"><strong data-start=\"9999\" data-end=\"10029\">Dret a la portabilitat de les dades:<\/strong> Quan el tractament es realitza mitjan\u00e7ant mitjans automatitzats, l'Usuari tindr\u00e0 dret a rebre del Responsable del Tractament les seves dades personals en un format estructurat, d'\u00fas com\u00fa i llegible per m\u00e0quina, i a transmetre aquestes dades a un altre responsable. Quan sigui t\u00e8cnicament factible, el Responsable del Tractament transmetr\u00e0 les dades directament a l'altre responsable.<\/li>\n<li data-section-id=\"s19q8s\" data-start=\"10382\" data-end=\"10519\"><strong data-start=\"10384\" data-end=\"10404\">Dret a objectar:<\/strong> Aquest \u00e9s el dret de l'Usuari a oposar-se al tractament de les seves dades personals o a fer que s'aturi aquest tractament per .<\/li>\n<li data-section-id=\"sx0e9g\" data-start=\"10520\" data-end=\"10823\"><strong data-start=\"10522\" data-end=\"10622\">Dret a no ser sotm\u00e8s a una decisi\u00f3 basada \u00fanicament en el tractament automatitzat, incl\u00f2s el perfilatge:<\/strong> \u00c9s dret de l'usuari no ser sotm\u00e8s a una decisi\u00f3 individual basada \u00fanicament en el tractament automatitzat de les seves dades personals, incl\u00f2s el perfilatge, llevat que la legislaci\u00f3 vigent estableixi el contrari.<\/li>\n<\/ul>\n<p data-start=\"10825\" data-end=\"10974\">En conseq\u00fc\u00e8ncia, l'Usuari pot exercir els seus drets enviant una comunicaci\u00f3 per escrit al Responsable del Tractament amb la refer\u00e8ncia <strong data-start=\"10950\" data-end=\"10961\">\u201cRGPD-\u201d<\/strong>, especificant:<\/p>\n<ul data-start=\"10976\" data-end=\"11541\">\n<li data-section-id=\"1b2pyuz\" data-start=\"10976\" data-end=\"11315\">El nom i el cognom de l'usuari i una c\u00f2pia del seu document d'identitat. Quan es permeti la representaci\u00f3, tamb\u00e9 caldr\u00e0 identificar el representant pels mateixos mitjans, juntament amb el document que acrediti aquesta representaci\u00f3. Una fotoc\u00f2pia del document d'identitat pot ser substitu\u00efda per qualsevol altre mitj\u00e0 legalment v\u00e0lid per provar la identitat.<\/li>\n<li data-section-id=\"1w8ppf2\" data-start=\"11316\" data-end=\"11415\">La sol\u00b7licitud, especificant els motius de la sol\u00b7licitud o la informaci\u00f3 a la qual es sol\u00b7licita acc\u00e9s.<\/li>\n<li data-section-id=\"6dhgcr\" data-start=\"11416\" data-end=\"11452\">Adre\u00e7a a efectes de notificaci\u00f3.<\/li>\n<li data-section-id=\"1k8fmep\" data-start=\"11453\" data-end=\"11491\">Data i signatura del sol\u00b7licitant.<\/li>\n<li data-section-id=\"1n7dehe\" data-start=\"11492\" data-end=\"11541\">Qualsevol document que doni suport a la sol\u00b7licitud que es presenta.<\/li>\n<\/ul>\n<p data-start=\"11543\" data-end=\"11652\">Aquesta sol\u00b7licitud i qualsevol document adjunt es poden enviar a l'adre\u00e7a postal i\/o electr\u00f2nica seg\u00fcent:<\/p>\n<p data-start=\"11654\" data-end=\"11723\"><strong data-start=\"11654\" data-end=\"11673\">Adre\u00e7a postal:<\/strong> C. Roger de Flor 33, 08320, El Masnou, Catalunya<\/p>\n<p data-start=\"11725\" data-end=\"11793\"><strong data-start=\"11725\" data-end=\"11735\">Correu electr\u00f2nic:<\/strong> <a rel=\"noopener\" data-start=\"11736\" data-end=\"11793\">josep.vicent@belkon.org<\/a><\/p>\n<h4 data-start=\"11795\" data-end=\"11829\">Enlla\u00e7os a llocs web de tercers<\/h4>\n<p data-start=\"11831\" data-end=\"11969\">El lloc web pot incloure hiperenlla\u00e7os o enlla\u00e7os que proporcionen acc\u00e9s a llocs web de tercers diferents de , que per tant no s\u00f3n operats per .<\/p>\n<p data-start=\"11971\" data-end=\"12126\">Els propietaris d'aquests llocs web tindran les seves pr\u00f2pies pol\u00edtiques de protecci\u00f3 de dades i, en cada cas, seran responsables dels seus propis fitxers i pr\u00e0ctiques de privacitat.<\/p>\n<h4 data-start=\"12128\" data-end=\"12172\">Queixes davant l'autoritat de supervisi\u00f3<\/h4>\n<p data-start=\"12174\" data-end=\"12537\">Si l'Usuari considera que hi ha un problema o una infracci\u00f3 de la legislaci\u00f3 vigent en la manera com es tracten les seves dades personals, tindr\u00e0 dret a una protecci\u00f3 judicial efectiva i a presentar una reclamaci\u00f3 davant d'una autoritat de control, especialment a l'Estat membre de la seva resid\u00e8ncia habitual, del seu lloc de treball o del lloc de la presumpta infracci\u00f3.<\/p>\n<p data-start=\"12539\" data-end=\"12709\">A Espanya, l'autoritat supervisora \u00e9s la <strong data-start=\"12582\" data-end=\"12665\">Ag\u00e8ncia Espanyola de Protecci\u00f3 de Dades (Agencia Espa\u00f1ola de Protecci\u00f3n de Datos \u2013 AEPD)<\/strong> (<a href=\"http:\/\/www.agpd.es\" target=\"_new\" rel=\"noopener nofollow\" data-start=\"12667\" data-end=\"12707\">http:\/\/www.agpd.es<\/a>).<\/p>\n<h3 data-section-id=\"1x9wyh9\" data-start=\"12711\" data-end=\"12767\">II. ACCEPTACI\u00d3 I MODIFICACIONS D'AQUESTA POL\u00cdTICA DE PRIVACITAT<\/h3>\n<p data-start=\"12769\" data-end=\"13057\">L'Usuari ha llegit i accepta les condicions relatives a la protecci\u00f3 de les dades personals contingudes en aquesta Pol\u00edtica de privacitat i ha de consentir el tractament de les seves dades personals perqu\u00e8 el Responsable del tractament les pugui tractar de la manera, durant els per\u00edodes i per a les finalitats indicades.<\/p>\n<p data-start=\"13059\" data-end=\"13123\">L'\u00fas del lloc web implicar\u00e0 l'acceptaci\u00f3 de la seva Pol\u00edtica de privacitat.<\/p>\n<p data-start=\"13126\" data-end=\"13302\">es reserva el dret de modificar la seva Pol\u00edtica de privacitat a la seva discreci\u00f3 o com a resultat de canvis legislatius, de jurisprud\u00e8ncia o doctrinals emesos per l'Ag\u00e8ncia Espanyola de Protecci\u00f3 de Dades.<\/p>\n<p data-start=\"13304\" data-end=\"13504\">Els canvis o actualitzacions d'aquesta Pol\u00edtica de privacitat no es notificaran expl\u00edcitament a l'Usuari. Es recomana als Usuaris consultar aquesta p\u00e0gina peri\u00f2dicament per mantenir-se informats dels darrers canvis o actualitzacions.<\/p>\n<p data-start=\"13506\" data-end=\"13887\" data-is-last-node=\"\" data-is-only-node=\"\">Aquesta Pol\u00edtica de privacitat s'ha actualitzat per adaptar-se al Reglament (UE) 2016\/679 del Parlament Europeu i del Consell, de 27 d'abril de 2016, relatiu a la protecci\u00f3 de les persones f\u00edsiques pel que fa al tractament de dades personals i a la lliure circulaci\u00f3 d'aquestes dades (RGPD), aix\u00ed com la Llei Org\u00e0nica 3\/2018, de 5 de desembre, de Protecci\u00f3 de Dades Personals i Garantia dels Drets Digitals.<\/p>\n<\/header>\t\t\t\t\t\t\t\t<\/div>\n\t\t\t\t<\/div>\n\t\t\t\t\t<\/div>\n\t\t\t\t<\/div>\n\t\t\t\t<\/div>","protected":false},"excerpt":{"rendered":"<p>WEBSITE PRIVACY POLICY I. PRIVACY AND DATA PROTECTION POLICY In compliance with the provisions of current legislation, (hereinafter also referred to as the \u201cWebsite\u201d) undertakes to adopt the necessary technical and organisational measures, according to the appropriate level of security for the risk associated with the data collected. Laws incorporated into this Privacy Policy This [&hellip;]<\/p>\n","protected":false},"author":2,"featured_media":0,"parent":0,"menu_order":0,"comment_status":"closed","ping_status":"closed","template":"","meta":{"footnotes":""},"class_list":["post-421","page","type-page","status-publish","hentry"],"_links":{"self":[{"href":"https:\/\/belkon.org\/ca\/wp-json\/wp\/v2\/pages\/421","targetHints":{"allow":["GET"]}}],"collection":[{"href":"https:\/\/belkon.org\/ca\/wp-json\/wp\/v2\/pages"}],"about":[{"href":"https:\/\/belkon.org\/ca\/wp-json\/wp\/v2\/types\/page"}],"author":[{"embeddable":true,"href":"https:\/\/belkon.org\/ca\/wp-json\/wp\/v2\/users\/2"}],"replies":[{"embeddable":true,"href":"https:\/\/belkon.org\/ca\/wp-json\/wp\/v2\/comments?post=421"}],"version-history":[{"count":5,"href":"https:\/\/belkon.org\/ca\/wp-json\/wp\/v2\/pages\/421\/revisions"}],"predecessor-version":[{"id":1734,"href":"https:\/\/belkon.org\/ca\/wp-json\/wp\/v2\/pages\/421\/revisions\/1734"}],"wp:attachment":[{"href":"https:\/\/belkon.org\/ca\/wp-json\/wp\/v2\/media?parent=421"}],"curies":[{"name":"wp","href":"https:\/\/api.w.org\/{rel}","templated":true}]}}